{"id":50,"date":"2023-06-18T21:22:11","date_gmt":"2023-06-18T19:22:11","guid":{"rendered":"http:\/\/cabinetmondon.fr\/reflexologie\/?page_id=50"},"modified":"2024-10-04T17:52:41","modified_gmt":"2024-10-04T15:52:41","slug":"techniques-utilisees","status":"publish","type":"page","link":"https:\/\/cabinetmondon.fr\/reflexologie\/techniques-utilisees\/","title":{"rendered":"Techniques utilis\u00e9es"},"content":{"rendered":"\n<ul class=\"wp-block-list\">\n<li>Soins \u00e9nerg\u00e9tiques<\/li>\n<\/ul>\n\n\n\n<ul class=\"wp-block-list\">\n<li>R\u00e9flexologies combin\u00e9es<\/li>\n<\/ul>\n\n\n\n<ul class=\"wp-block-list\">\n<li>Massages bien-\u00eatre<\/li>\n<\/ul>\n\n\n\n<h3 class=\"wp-block-heading has-text-align-left\"><div class=\"editor-editor-canvas__post-title-wrapper edit-post-visual-editor__post-title-wrapper has-global-padding\" contenteditable=\"false\"><h1 contenteditable=\"true\" class=\"wp-block wp-block-post-title block-editor-block-list__block editor-post-title editor-post-title__input rich-text\" aria-label=\"Saisissez le titre\" role=\"textbox\" aria-multiline=\"true\"><\/h1><h1 contenteditable=\"true\" class=\"wp-block wp-block-post-title block-editor-block-list__block editor-post-title editor-post-title__input rich-text\" aria-label=\"Saisissez le titre\" role=\"textbox\" aria-multiline=\"true\" style=\"white-space: pre-wrap; min-width: 1px;\">R\u00e9flexologies combin\u00e9es ou r\u00e9flexologie plantaire<\/h1><\/div><\/h3>\n\n\n\n<h3 class=\"wp-block-heading\">Qu&#8217;est-ce que la r\u00e9flexologie ?<\/h3>\n\n\n\n<p>Les r\u00e9flexologies font partie des th\u00e9rapies d&#8217;accompagnement de la personne.<br><strong>Ce sont des techniques de stimulation r\u00e9flexe bas\u00e9es sur la r\u00e9gulation du syst\u00e8me nerveux.<\/strong><br>Elles utilisent comme zones de travail les parties du corps o\u00f9 l&#8217;on retrouve le plus grand nombre de terminaisons nerveuses. Le but est de <strong>r\u00e9tablir l&#8217;\u00e9quilibre naturel du corps<\/strong>.<\/p>\n\n\n\n<div class=\"wp-block-group is-vertical is-content-justification-center is-layout-flex wp-container-core-group-is-layout-ce155fab wp-block-group-is-layout-flex\">\n<div class=\"wp-block-group is-horizontal is-content-justification-left is-nowrap is-layout-flex wp-container-core-group-is-layout-344d21cd wp-block-group-is-layout-flex\">\n<figure class=\"wp-block-image size-medium\"><img loading=\"lazy\" decoding=\"async\" width=\"252\" height=\"300\" src=\"http:\/\/cabinetmondon.fr\/reflexologie\/wp-content\/uploads\/2023\/07\/BQC-252x300.jpg\" alt=\"\" class=\"wp-image-134\" srcset=\"https:\/\/cabinetmondon.fr\/reflexologie\/wp-content\/uploads\/2023\/07\/BQC-252x300.jpg 252w, https:\/\/cabinetmondon.fr\/reflexologie\/wp-content\/uploads\/2023\/07\/BQC-860x1024.jpg 860w, https:\/\/cabinetmondon.fr\/reflexologie\/wp-content\/uploads\/2023\/07\/BQC-768x915.jpg 768w, https:\/\/cabinetmondon.fr\/reflexologie\/wp-content\/uploads\/2023\/07\/BQC.jpg 873w\" sizes=\"auto, (max-width: 252px) 100vw, 252px\" \/><figcaption class=\"wp-element-caption\">Dien Chan (ou faciale)<\/figcaption><\/figure>\n\n\n\n<div style=\"height:100px\" aria-hidden=\"true\" class=\"wp-block-spacer wp-container-content-32f399ae\"><\/div>\n\n\n\n<figure class=\"wp-block-image size-medium\"><img loading=\"lazy\" decoding=\"async\" width=\"300\" height=\"175\" src=\"http:\/\/cabinetmondon.fr\/reflexologie\/wp-content\/uploads\/2023\/07\/reflexo-palmaire-1-300x175.jpg\" alt=\"\" class=\"wp-image-136\" srcset=\"https:\/\/cabinetmondon.fr\/reflexologie\/wp-content\/uploads\/2023\/07\/reflexo-palmaire-1-300x175.jpg 300w, https:\/\/cabinetmondon.fr\/reflexologie\/wp-content\/uploads\/2023\/07\/reflexo-palmaire-1.jpg 638w\" sizes=\"auto, (max-width: 300px) 100vw, 300px\" \/><figcaption class=\"wp-element-caption\">R\u00e9flexologie palmaire<\/figcaption><\/figure>\n<\/div>\n\n\n\n<div class=\"wp-block-group is-nowrap is-layout-flex wp-container-core-group-is-layout-5c4495dd wp-block-group-is-layout-flex\">\n<figure class=\"wp-block-image size-medium\"><img loading=\"lazy\" decoding=\"async\" width=\"188\" height=\"300\" src=\"http:\/\/cabinetmondon.fr\/reflexologie\/wp-content\/uploads\/2023\/07\/auriculo_schema-188x300.jpg\" alt=\"\" class=\"wp-image-135\" srcset=\"https:\/\/cabinetmondon.fr\/reflexologie\/wp-content\/uploads\/2023\/07\/auriculo_schema-188x300.jpg 188w, https:\/\/cabinetmondon.fr\/reflexologie\/wp-content\/uploads\/2023\/07\/auriculo_schema-643x1024.jpg 643w, https:\/\/cabinetmondon.fr\/reflexologie\/wp-content\/uploads\/2023\/07\/auriculo_schema.jpg 673w\" sizes=\"auto, (max-width: 188px) 100vw, 188px\" \/><figcaption class=\"wp-element-caption\">Auriculoth\u00e9rapie<\/figcaption><\/figure>\n\n\n\n<div style=\"height:100px\" aria-hidden=\"true\" class=\"wp-block-spacer wp-container-content-32f399ae\"><\/div>\n\n\n\n<figure class=\"wp-block-image size-medium\"><img loading=\"lazy\" decoding=\"async\" width=\"300\" height=\"201\" src=\"http:\/\/cabinetmondon.fr\/reflexologie\/wp-content\/uploads\/2023\/07\/reflexo-plantaire-1-300x201.jpg\" alt=\"\" class=\"wp-image-137\" srcset=\"https:\/\/cabinetmondon.fr\/reflexologie\/wp-content\/uploads\/2023\/07\/reflexo-plantaire-1-300x201.jpg 300w, https:\/\/cabinetmondon.fr\/reflexologie\/wp-content\/uploads\/2023\/07\/reflexo-plantaire-1.jpg 640w\" sizes=\"auto, (max-width: 300px) 100vw, 300px\" \/><figcaption class=\"wp-element-caption\">R\u00e9flexologie plantaire<\/figcaption><\/figure>\n<\/div>\n<\/div>\n\n\n\n<div style=\"height:14px\" aria-hidden=\"true\" class=\"wp-block-spacer\"><\/div>\n\n\n\n<h3 class=\"wp-block-heading\">Quel est le but de la r\u00e9flexologie combin\u00e9e ?<\/h3>\n\n\n\n<p>La r\u00e9flexologie combin\u00e9e est le principe d&#8217;utiliser dans une m\u00eame s\u00e9ance les techniques de r\u00e9flexologies appropri\u00e9es et de permettre ainsi au praticien d&#8217;obtenir des <strong>r\u00e9sultats plus rapides et plus efficaces<\/strong> que lorsqu&#8217;une seule technique r\u00e9flexe est utilis\u00e9e.<\/p>\n\n\n\n<p>De plus, cela permet d&#8217;avoir un champ d&#8217;action \u00e0 la fois <strong>imm\u00e9diat <\/strong>et \u00e0 plus <strong>long terme<\/strong>.<\/p>\n\n\n\n<p>En effet, la r\u00e9flexologie faciale (ou Dien Chan) et l&#8217;auriculoth\u00e9rapie sont des <strong>techniques de pointe<\/strong> qui permettent de travailler une dysfonction ou une douleur de mani\u00e8re efficace, pr\u00e9cise et donnant des r\u00e9sultats imm\u00e9diats.<\/p>\n\n\n\n<p>Les r\u00e9flexologies palmaires et plantaires sont des <strong>techniques de fond<\/strong> qui permettent de travailler le corps dans sa globalit\u00e9 et donnant des r\u00e9sultats \u00e0 long terme.<\/p>\n\n\n\n<div style=\"height:14px\" aria-hidden=\"true\" class=\"wp-block-spacer\"><\/div>\n\n\n\n<h3 class=\"wp-block-heading\">Quelles sont les indications de la r\u00e9flexologie ?<\/h3>\n\n\n\n<p>Accompagnement lors de p\u00e9riode de stress, de fatigue, d\u2019insomnie.<br>Prise en charge de la douleur, de la circulation sanguine ou autres troubles dus \u00e0 un d\u00e9r\u00e8glement fonctionnel (constipation par ex).<\/p>\n\n\n\n<div class=\"wp-block-group is-horizontal is-content-justification-left is-nowrap is-layout-flex wp-container-core-group-is-layout-c29b8b8d wp-block-group-is-layout-flex\">\n<figure class=\"wp-block-image size-medium\"><img loading=\"lazy\" decoding=\"async\" width=\"300\" height=\"200\" src=\"http:\/\/cabinetmondon.fr\/reflexologie\/wp-content\/uploads\/2023\/07\/reflexo-faciale_1-1-300x200.jpg\" alt=\"\" class=\"wp-image-139\" srcset=\"https:\/\/cabinetmondon.fr\/reflexologie\/wp-content\/uploads\/2023\/07\/reflexo-faciale_1-1-300x200.jpg 300w, https:\/\/cabinetmondon.fr\/reflexologie\/wp-content\/uploads\/2023\/07\/reflexo-faciale_1-1-1024x681.jpg 1024w, https:\/\/cabinetmondon.fr\/reflexologie\/wp-content\/uploads\/2023\/07\/reflexo-faciale_1-1-768x511.jpg 768w, https:\/\/cabinetmondon.fr\/reflexologie\/wp-content\/uploads\/2023\/07\/reflexo-faciale_1-1-1536x1022.jpg 1536w, https:\/\/cabinetmondon.fr\/reflexologie\/wp-content\/uploads\/2023\/07\/reflexo-faciale_1-1-2048x1363.jpg 2048w, https:\/\/cabinetmondon.fr\/reflexologie\/wp-content\/uploads\/2023\/07\/reflexo-faciale_1-1-1568x1043.jpg 1568w\" sizes=\"auto, (max-width: 300px) 100vw, 300px\" \/><\/figure>\n\n\n\n<div style=\"height:100px;width:0px\" aria-hidden=\"true\" class=\"wp-block-spacer wp-container-content-6388d5dc\"><\/div>\n\n\n\n<figure class=\"wp-block-image size-medium\"><img loading=\"lazy\" decoding=\"async\" width=\"203\" height=\"300\" src=\"http:\/\/cabinetmondon.fr\/reflexologie\/wp-content\/uploads\/2023\/07\/reflexo-palmaire-203x300.jpg\" alt=\"\" class=\"wp-image-141\" srcset=\"https:\/\/cabinetmondon.fr\/reflexologie\/wp-content\/uploads\/2023\/07\/reflexo-palmaire-203x300.jpg 203w, https:\/\/cabinetmondon.fr\/reflexologie\/wp-content\/uploads\/2023\/07\/reflexo-palmaire-692x1024.jpg 692w, https:\/\/cabinetmondon.fr\/reflexologie\/wp-content\/uploads\/2023\/07\/reflexo-palmaire-768x1136.jpg 768w, https:\/\/cabinetmondon.fr\/reflexologie\/wp-content\/uploads\/2023\/07\/reflexo-palmaire-1038x1536.jpg 1038w, https:\/\/cabinetmondon.fr\/reflexologie\/wp-content\/uploads\/2023\/07\/reflexo-palmaire-1385x2048.jpg 1385w, https:\/\/cabinetmondon.fr\/reflexologie\/wp-content\/uploads\/2023\/07\/reflexo-palmaire-1568x2319.jpg 1568w, https:\/\/cabinetmondon.fr\/reflexologie\/wp-content\/uploads\/2023\/07\/reflexo-palmaire-scaled.jpg 1731w\" sizes=\"auto, (max-width: 203px) 100vw, 203px\" \/><\/figure>\n\n\n\n<div style=\"height:100px;width:0px\" aria-hidden=\"true\" class=\"wp-block-spacer wp-container-content-6388d5dc\"><\/div>\n\n\n\n<figure class=\"wp-block-image size-medium\"><img loading=\"lazy\" decoding=\"async\" width=\"300\" height=\"200\" src=\"http:\/\/cabinetmondon.fr\/reflexologie\/wp-content\/uploads\/2023\/07\/auriculo-300x200.jpg\" alt=\"\" class=\"wp-image-140\" srcset=\"https:\/\/cabinetmondon.fr\/reflexologie\/wp-content\/uploads\/2023\/07\/auriculo-300x200.jpg 300w, https:\/\/cabinetmondon.fr\/reflexologie\/wp-content\/uploads\/2023\/07\/auriculo-1024x681.jpg 1024w, https:\/\/cabinetmondon.fr\/reflexologie\/wp-content\/uploads\/2023\/07\/auriculo-768x511.jpg 768w, https:\/\/cabinetmondon.fr\/reflexologie\/wp-content\/uploads\/2023\/07\/auriculo-1536x1022.jpg 1536w, https:\/\/cabinetmondon.fr\/reflexologie\/wp-content\/uploads\/2023\/07\/auriculo-2048x1363.jpg 2048w, https:\/\/cabinetmondon.fr\/reflexologie\/wp-content\/uploads\/2023\/07\/auriculo-1568x1043.jpg 1568w\" sizes=\"auto, (max-width: 300px) 100vw, 300px\" \/><\/figure>\n<\/div>\n\n\n\n<div style=\"height:22px\" aria-hidden=\"true\" class=\"wp-block-spacer\"><\/div>\n\n\n\n<p class=\"has-small-font-size\"><em>Conform\u00e9ment \u00e0 la loi du 30.04.1946, d\u00e9cret 60669 de l&#8217;article 1.489 et de<br>l&#8217;arr\u00eat\u00e9 du 8.10.1996, la pratique de r\u00e9flexologie ne peut \u00eatre en aucun cas assimil\u00e9e \u00e0 des soins m\u00e9dicaux.<\/em><\/p>\n\n\n\n<p><\/p>\n\n\n\n<p class=\"has-text-align-left\"><strong>Massages bien-\u00eatre<\/strong><\/p>\n\n\n\n<figure class=\"wp-block-image size-large is-resized\"><img loading=\"lazy\" decoding=\"async\" width=\"768\" height=\"1024\" src=\"https:\/\/cabinetmondon.fr\/reflexologie\/wp-content\/uploads\/2023\/07\/massage_jambe_2-edited-768x1024.jpg\" alt=\"\" class=\"wp-image-126\" style=\"width:159px;height:auto\" srcset=\"https:\/\/cabinetmondon.fr\/reflexologie\/wp-content\/uploads\/2023\/07\/massage_jambe_2-edited-768x1024.jpg 768w, https:\/\/cabinetmondon.fr\/reflexologie\/wp-content\/uploads\/2023\/07\/massage_jambe_2-edited-225x300.jpg 225w, https:\/\/cabinetmondon.fr\/reflexologie\/wp-content\/uploads\/2023\/07\/massage_jambe_2-edited-1152x1536.jpg 1152w, https:\/\/cabinetmondon.fr\/reflexologie\/wp-content\/uploads\/2023\/07\/massage_jambe_2-edited-1536x2048.jpg 1536w, https:\/\/cabinetmondon.fr\/reflexologie\/wp-content\/uploads\/2023\/07\/massage_jambe_2-edited-1568x2090.jpg 1568w, https:\/\/cabinetmondon.fr\/reflexologie\/wp-content\/uploads\/2023\/07\/massage_jambe_2-edited-scaled.jpg 1920w\" sizes=\"auto, (max-width: 768px) 100vw, 768px\" \/><\/figure>\n\n\n\n<p><strong>Qu&#8217;est ce qu&#8217;un massage bien-\u00eatre ?<\/strong><\/p>\n\n\n\n<p>C&#8217;est une forme de massage non th\u00e9rapeutique (\u00e0 la diff\u00e9rence du massage th\u00e9rapeutique r\u00e9serv\u00e9 aux masseurs-kin\u00e9sith\u00e9rapeutes).<\/p>\n\n\n\n<p>Son but est de d\u00e9tendre la personne et d&#8217;apaiser ses tensions musculaires.<\/p>\n\n\n\n<p>Ces massages s&#8217;adressent tout particuli\u00e8rement aux personnes stress\u00e9es ou anxieuses.<\/p>\n\n\n\n<p><em>Ils ne sont pas pratiqu\u00e9s sur les femmes enceintes, b\u00e9b\u00e9s et enfants<\/em>.<\/p>\n\n\n\n<div class=\"wp-block-group has-global-padding is-layout-constrained wp-block-group-is-layout-constrained\">\n<figure class=\"wp-block-image size-large is-resized\"><img loading=\"lazy\" decoding=\"async\" width=\"1024\" height=\"576\" src=\"https:\/\/cabinetmondon.fr\/reflexologie\/wp-content\/uploads\/2023\/07\/massage_crane-1024x576.jpeg\" alt=\"\" class=\"wp-image-129\" style=\"width:220px;height:auto\" srcset=\"https:\/\/cabinetmondon.fr\/reflexologie\/wp-content\/uploads\/2023\/07\/massage_crane-1024x576.jpeg 1024w, https:\/\/cabinetmondon.fr\/reflexologie\/wp-content\/uploads\/2023\/07\/massage_crane-300x169.jpeg 300w, https:\/\/cabinetmondon.fr\/reflexologie\/wp-content\/uploads\/2023\/07\/massage_crane-768x432.jpeg 768w, https:\/\/cabinetmondon.fr\/reflexologie\/wp-content\/uploads\/2023\/07\/massage_crane-1536x864.jpeg 1536w, https:\/\/cabinetmondon.fr\/reflexologie\/wp-content\/uploads\/2023\/07\/massage_crane-2048x1152.jpeg 2048w, https:\/\/cabinetmondon.fr\/reflexologie\/wp-content\/uploads\/2023\/07\/massage_crane-1568x882.jpeg 1568w\" sizes=\"auto, (max-width: 1024px) 100vw, 1024px\" \/><\/figure>\n<\/div>\n\n\n\n<div class=\"wp-block-group has-global-padding is-layout-constrained wp-block-group-is-layout-constrained\">\n<figure class=\"wp-block-image size-large is-resized\"><img loading=\"lazy\" decoding=\"async\" width=\"1024\" height=\"768\" src=\"https:\/\/cabinetmondon.fr\/reflexologie\/wp-content\/uploads\/2023\/07\/massage_dos-edited-1024x768.jpeg\" alt=\"\" class=\"wp-image-250\" style=\"width:179px;height:auto\" srcset=\"https:\/\/cabinetmondon.fr\/reflexologie\/wp-content\/uploads\/2023\/07\/massage_dos-edited-1024x768.jpeg 1024w, https:\/\/cabinetmondon.fr\/reflexologie\/wp-content\/uploads\/2023\/07\/massage_dos-edited-300x225.jpeg 300w, https:\/\/cabinetmondon.fr\/reflexologie\/wp-content\/uploads\/2023\/07\/massage_dos-edited-768x576.jpeg 768w, https:\/\/cabinetmondon.fr\/reflexologie\/wp-content\/uploads\/2023\/07\/massage_dos-edited-1536x1152.jpeg 1536w, https:\/\/cabinetmondon.fr\/reflexologie\/wp-content\/uploads\/2023\/07\/massage_dos-edited-2048x1536.jpeg 2048w, https:\/\/cabinetmondon.fr\/reflexologie\/wp-content\/uploads\/2023\/07\/massage_dos-edited-2000x1500.jpeg 2000w\" sizes=\"auto, (max-width: 1024px) 100vw, 1024px\" \/><\/figure>\n\n\n\n<p><\/p>\n<\/div>\n\n\n\n<figure class=\"wp-block-image size-large is-resized\"><img loading=\"lazy\" decoding=\"async\" width=\"1024\" height=\"576\" src=\"https:\/\/cabinetmondon.fr\/reflexologie\/wp-content\/uploads\/2023\/07\/massage_pied-1-1024x576.jpeg\" alt=\"\" class=\"wp-image-130\" style=\"width:213px;height:auto\" srcset=\"https:\/\/cabinetmondon.fr\/reflexologie\/wp-content\/uploads\/2023\/07\/massage_pied-1-1024x576.jpeg 1024w, https:\/\/cabinetmondon.fr\/reflexologie\/wp-content\/uploads\/2023\/07\/massage_pied-1-300x169.jpeg 300w, https:\/\/cabinetmondon.fr\/reflexologie\/wp-content\/uploads\/2023\/07\/massage_pied-1-768x432.jpeg 768w, https:\/\/cabinetmondon.fr\/reflexologie\/wp-content\/uploads\/2023\/07\/massage_pied-1-1536x864.jpeg 1536w, https:\/\/cabinetmondon.fr\/reflexologie\/wp-content\/uploads\/2023\/07\/massage_pied-1-2048x1152.jpeg 2048w, https:\/\/cabinetmondon.fr\/reflexologie\/wp-content\/uploads\/2023\/07\/massage_pied-1-1568x882.jpeg 1568w\" sizes=\"auto, (max-width: 1024px) 100vw, 1024px\" \/><\/figure>\n","protected":false},"excerpt":{"rendered":"<p>R\u00e9flexologies combin\u00e9es ou r\u00e9flexologie plantaire Qu&#8217;est-ce que la r\u00e9flexologie ? Les r\u00e9flexologies font partie des th\u00e9rapies d&#8217;accompagnement de la personne.Ce sont des techniques de stimulation r\u00e9flexe bas\u00e9es sur la r\u00e9gulation du syst\u00e8me nerveux.Elles utilisent comme zones de travail les parties du corps o\u00f9 l&#8217;on retrouve le plus grand nombre de terminaisons nerveuses. Le but est &hellip; <\/p>\n<p class=\"link-more\"><a href=\"https:\/\/cabinetmondon.fr\/reflexologie\/techniques-utilisees\/\" class=\"more-link\">Lire la suite de<span class=\"screen-reader-text\">\u00ab\u00a0Techniques utilis\u00e9es\u00a0\u00bb<\/span><\/a><\/p>\n","protected":false},"author":1,"featured_media":0,"parent":0,"menu_order":0,"comment_status":"closed","ping_status":"closed","template":"","meta":{"footnotes":""},"class_list":["post-50","page","type-page","status-publish","hentry"],"_links":{"self":[{"href":"https:\/\/cabinetmondon.fr\/reflexologie\/wp-json\/wp\/v2\/pages\/50","targetHints":{"allow":["GET"]}}],"collection":[{"href":"https:\/\/cabinetmondon.fr\/reflexologie\/wp-json\/wp\/v2\/pages"}],"about":[{"href":"https:\/\/cabinetmondon.fr\/reflexologie\/wp-json\/wp\/v2\/types\/page"}],"author":[{"embeddable":true,"href":"https:\/\/cabinetmondon.fr\/reflexologie\/wp-json\/wp\/v2\/users\/1"}],"replies":[{"embeddable":true,"href":"https:\/\/cabinetmondon.fr\/reflexologie\/wp-json\/wp\/v2\/comments?post=50"}],"version-history":[{"count":23,"href":"https:\/\/cabinetmondon.fr\/reflexologie\/wp-json\/wp\/v2\/pages\/50\/revisions"}],"predecessor-version":[{"id":655,"href":"https:\/\/cabinetmondon.fr\/reflexologie\/wp-json\/wp\/v2\/pages\/50\/revisions\/655"}],"wp:attachment":[{"href":"https:\/\/cabinetmondon.fr\/reflexologie\/wp-json\/wp\/v2\/media?parent=50"}],"curies":[{"name":"wp","href":"https:\/\/api.w.org\/{rel}","templated":true}]}}