{"id":231,"date":"2023-07-14T16:06:16","date_gmt":"2023-07-14T14:06:16","guid":{"rendered":"https:\/\/cabinetmondon.fr\/reflexologie\/?page_id=231"},"modified":"2026-04-17T19:14:01","modified_gmt":"2026-04-17T17:14:01","slug":"presentation-therapies-bien-etre","status":"publish","type":"page","link":"https:\/\/cabinetmondon.fr\/reflexologie\/presentation-therapies-bien-etre\/","title":{"rendered":""},"content":{"rendered":"\n<div class=\"wp-block-group is-vertical is-content-justification-stretch is-nowrap is-layout-flex wp-container-core-group-is-layout-73b0033c wp-block-group-is-layout-flex\">\n<div class=\"wp-block-group is-content-justification-left is-layout-flex wp-container-core-group-is-layout-8319a190 wp-block-group-is-layout-flex\">\n<div class=\"wp-block-group is-vertical is-content-justification-center is-nowrap is-layout-flex wp-container-core-group-is-layout-9a76f2cf wp-block-group-is-layout-flex\">\n<h2 class=\"wp-block-heading has-text-align-center has-large-font-size\">Th\u00e9rapies et Bien-\u00eatre<\/h2>\n\n\n\n<p class=\"has-text-align-center has-medium-font-size\"><strong>par Edwige MONDON<\/strong><\/p>\n\n\n\n<div class=\"wp-block-buttons is-layout-flex wp-block-buttons-is-layout-flex\"><\/div>\n\n\n\n<div class=\"wp-block-buttons is-layout-flex wp-block-buttons-is-layout-flex\"><\/div>\n\n\n\n<div class=\"wp-block-buttons is-layout-flex wp-block-buttons-is-layout-flex\"><\/div>\n\n\n\n<div class=\"wp-block-buttons is-layout-flex wp-block-buttons-is-layout-flex\"><\/div>\n\n\n\n<p class=\"has-text-align-center has-medium-font-size\"><strong><em>Comment se d\u00e9roule une s\u00e9ance ?<\/em><\/strong><\/p>\n\n\n\n<p>Apr\u00e8s une \u00e9coute bienveillante en d\u00e9but de s\u00e9ance, je viens ensuite rechercher les diff\u00e9rents blocages pour les lib\u00e9rer et permettre \u00e0 votre corps d&#8217;aller mieux.<\/p>\n\n\n\n<div class=\"wp-block-buttons is-layout-flex wp-block-buttons-is-layout-flex\"><\/div>\n\n\n\n<div class=\"wp-block-buttons is-layout-flex wp-block-buttons-is-layout-flex\"><\/div>\n\n\n\n<h3 class=\"wp-block-heading\">Qui suis-je ?<\/h3>\n\n\n\n<div class=\"wp-block-group is-vertical is-layout-flex wp-container-core-group-is-layout-40f5052d wp-block-group-is-layout-flex\" style=\"border-style:none;border-width:0px;border-top-left-radius:0px;border-top-right-radius:0px;border-bottom-left-radius:0px;border-bottom-right-radius:0px;min-height:0px;padding-top:0;padding-bottom:0;font-size:0px\">\n<div style=\"height:0px;width:0px\" aria-hidden=\"true\" class=\"wp-block-spacer wp-container-content-9760934e\"><\/div>\n\n\n\n<figure class=\"wp-block-gallery has-nested-images columns-default is-cropped wp-block-gallery-1 is-layout-flex wp-block-gallery-is-layout-flex\">\n<figure class=\"wp-block-image size-medium is-style-default\"><img loading=\"lazy\" decoding=\"async\" width=\"225\" height=\"300\" data-id=\"763\" src=\"https:\/\/cabinetmondon.fr\/reflexologie\/wp-content\/uploads\/2026\/04\/Photo-moi-3-225x300.jpg\" alt=\"\" class=\"wp-image-763\" srcset=\"https:\/\/cabinetmondon.fr\/reflexologie\/wp-content\/uploads\/2026\/04\/Photo-moi-3-225x300.jpg 225w, https:\/\/cabinetmondon.fr\/reflexologie\/wp-content\/uploads\/2026\/04\/Photo-moi-3-768x1024.jpg 768w, https:\/\/cabinetmondon.fr\/reflexologie\/wp-content\/uploads\/2026\/04\/Photo-moi-3-2000x2667.jpg 2000w, https:\/\/cabinetmondon.fr\/reflexologie\/wp-content\/uploads\/2026\/04\/Photo-moi-3-scaled.jpg 1920w\" sizes=\"auto, (max-width: 225px) 100vw, 225px\" \/><figcaption class=\"wp-element-caption\">Bonjour ! Je suis Edwige, <br>r\u00e9flexoth\u00e9rapeute <br>sur Saint-Mamm\u00e8s (proche Fontainebleau et Melun 77)<\/figcaption><\/figure>\n<\/figure>\n\n\n\n<div class=\"wp-block-columns is-layout-flex wp-container-core-columns-is-layout-28f84493 wp-block-columns-is-layout-flex\">\n<div class=\"wp-block-column is-layout-flow wp-block-column-is-layout-flow\" style=\"flex-basis:100%\"><\/div>\n<\/div>\n\n\n\n<div style=\"height:100px;width:0px\" aria-hidden=\"true\" class=\"wp-block-spacer wp-container-content-6388d5dc\"><\/div>\n<\/div>\n\n\n\n<div style=\"height:0px\" aria-hidden=\"true\" class=\"wp-block-spacer wp-container-content-9760934e\"><\/div>\n\n\n\n<p>Ancienne p\u00e9dicure-podologue \/ posturologue, je me suis occup\u00e9e de mes patients pendant 12 ans en les accompagnant en soins d&#8217;une autre mani\u00e8re, ce qui m&#8217;a aussi permis d&#8217;avoir une certaine connaissance du corps humain.<\/p>\n\n\n\n<p>Le lien avec mes mains, le toucher, la douleur, la sant\u00e9 et le rapport aux autres sont donc d\u00e9j\u00e0 pr\u00e9sents depuis mon plus jeune \u00e2ge. Depuis, je me suis form\u00e9e dans toutes les pratiques que je propose.<\/p>\n\n\n\n<p>Je m&#8217;\u00e9panouis lorsque j&#8217;apporte du bien-\u00eatre \u00e0 chaque personne que je suis ravie d&#8217;accueillir dans mon cabinet.<\/p>\n\n\n\n<div style=\"height:0px\" aria-hidden=\"true\" class=\"wp-block-spacer wp-container-content-943fad18\"><\/div>\n\n\n\n<h3 class=\"wp-block-heading\">Mes coordonn\u00e9es<\/h3>\n\n\n\n<div class=\"wp-block-group is-layout-flex wp-block-group-is-layout-flex\">\n<div class=\"wp-block-group has-global-padding is-layout-constrained wp-block-group-is-layout-constrained\">\n<div class=\"wp-block-group is-vertical is-layout-flex wp-container-core-group-is-layout-fe9cc265 wp-block-group-is-layout-flex\">\n<p><strong>Edwige MONDON<\/strong><\/p>\n\n\n\n<p><a href=\"tel:+33670929938\">06 70 92 99 38<\/a><br><a href=\"mailto:therapies.bienetre.edwige@cabinetmondon.fr\">therapies.bienetre.edwige@cabinetmondon.fr<\/a><\/p>\n\n\n\n<p>29 rue Victor Hugo<br>77670 SAINT-MAMMES<\/p>\n\n\n\n<div class=\"wp-block-group has-global-padding is-layout-constrained wp-block-group-is-layout-constrained\">\n<p>Rep\u00e8re du lieu : borne incendie rouge en milieu de rue<\/p>\n<\/div>\n\n\n\n<p>Parking : emplacement possible pour v\u00e9hicule dans la cour. Sinon places dans la rue avec disque (zone bleue).<\/p>\n\n\n\n<p>SIRET : 75244363000054<br><\/p>\n<\/div>\n<\/div>\n<\/div>\n\n\n\n<div style=\"height:0px\" aria-hidden=\"true\" class=\"wp-block-spacer wp-container-content-943fad18\"><\/div>\n\n\n\n<figure class=\"wp-block-gallery has-nested-images columns-default is-cropped wp-block-gallery-2 is-layout-flex wp-block-gallery-is-layout-flex\">\n<figure class=\"wp-block-image size-full\"><img loading=\"lazy\" decoding=\"async\" width=\"720\" height=\"405\" data-id=\"704\" src=\"https:\/\/cabinetmondon.fr\/reflexologie\/wp-content\/uploads\/2025\/02\/Edwige-MONDON-Cabinet-Guerisseuse-Therapeute-Bien-etre-Energeticienne-Energetique-Reflexotherapeute-Reflexologue-Reflexologie.jpg\" alt=\"Edwige-MONDON-Cabinet-77-Seine-et-Marne-Saint-Mammes-Fontainebleau-Moret-sur-Loing-Guerisseuse-Therapeute-Bien-etre-Energeticienne-Energetique-Reflexotherapeute-Reflexologue-Reflexologies combin\u00e9es-Reflexologie plantaire-Reflexologie palmaire-Reflexologie faciale-Dien Chan-Auriculotherapie-Massage bien-etre-\" class=\"wp-image-704\" srcset=\"https:\/\/cabinetmondon.fr\/reflexologie\/wp-content\/uploads\/2025\/02\/Edwige-MONDON-Cabinet-Guerisseuse-Therapeute-Bien-etre-Energeticienne-Energetique-Reflexotherapeute-Reflexologue-Reflexologie.jpg 720w, https:\/\/cabinetmondon.fr\/reflexologie\/wp-content\/uploads\/2025\/02\/Edwige-MONDON-Cabinet-Guerisseuse-Therapeute-Bien-etre-Energeticienne-Energetique-Reflexotherapeute-Reflexologue-Reflexologie-300x169.jpg 300w\" sizes=\"auto, (max-width: 720px) 100vw, 720px\" \/><\/figure>\n<\/figure>\n\n\n\n<h3 class=\"wp-block-heading\">Consultation en pr\u00e9sentiel<\/h3>\n\n\n\n<p>Dur\u00e9e et fr\u00e9quence d&#8217;une s\u00e9ance : 1H30 environ, espac\u00e9es de 3 semaines minimum dans la plupart des cas.<\/p>\n\n\n\n<p>Prix d&#8217;une s\u00e9ance : 100 \u20ac en ch\u00e8que ou esp\u00e8ces<\/p>\n\n\n\n<p>Tenue conseill\u00e9e durant la s\u00e9ance : en sous-v\u00eatements pour le massage, retrait des bijoux.<\/p>\n\n\n\n<p>Conseil par mesure d&#8217;hygi\u00e8ne et d&#8217;\u00e9cologie : merci d&#8217;apporter 1 serviette si vous le souhaitez.<\/p>\n\n\n\n<p>Toilettes s\u00e8ches sur place en cas d&#8217;urgence (non accessible aux personnes \u00e0 mobilit\u00e9 r\u00e9duite).<\/p>\n\n\n\n<p><\/p>\n\n\n\n<figure class=\"wp-block-gallery has-nested-images columns-default is-cropped wp-block-gallery-3 is-layout-flex wp-block-gallery-is-layout-flex\">\n<figure class=\"wp-block-image size-medium\"><img loading=\"lazy\" decoding=\"async\" width=\"169\" height=\"300\" data-id=\"708\" src=\"https:\/\/cabinetmondon.fr\/reflexologie\/wp-content\/uploads\/2025\/02\/Edwige-MONDON-Accueil-Guerisseuse-Therapeute-Bien-etre-Energeticienne-Energetique-Reflexotherapeute-Reflexologue-Reflexologie-169x300.jpg\" alt=\"Edwige-MONDON-Accueil-Cabinet-77-Seine-et-Marne-Saint-Mammes-Fontainebleau-Moret-sur-Loing-Guerisseuse-Therapeute-Bien-etre-Energeticienne-Energetique-Reflexotherapeute-Reflexologue-Reflexologies combin\u00e9es-Reflexologie plantaire-Reflexologie palmaire-Reflexologie faciale-Dien Chan-Auriculotherapie-Massage bien-etre-\" class=\"wp-image-708\" srcset=\"https:\/\/cabinetmondon.fr\/reflexologie\/wp-content\/uploads\/2025\/02\/Edwige-MONDON-Accueil-Guerisseuse-Therapeute-Bien-etre-Energeticienne-Energetique-Reflexotherapeute-Reflexologue-Reflexologie-169x300.jpg 169w, https:\/\/cabinetmondon.fr\/reflexologie\/wp-content\/uploads\/2025\/02\/Edwige-MONDON-Accueil-Guerisseuse-Therapeute-Bien-etre-Energeticienne-Energetique-Reflexotherapeute-Reflexologue-Reflexologie.jpg 405w\" sizes=\"auto, (max-width: 169px) 100vw, 169px\" \/><\/figure>\n\n\n\n<figure class=\"wp-block-image size-full\"><img loading=\"lazy\" decoding=\"async\" width=\"405\" height=\"720\" data-id=\"709\" src=\"https:\/\/cabinetmondon.fr\/reflexologie\/wp-content\/uploads\/2025\/02\/Edwige-MONDON-Dehors-Guerisseuse-Therapeute-Bien-etre-Energeticienne-Energetique-Reflexotherapeute-Reflexologue-Reflexologie.jpg\" alt=\"Edwige-MONDON-Dehors-Cabinet-77-Seine-et-Marne-Saint-Mammes-Fontainebleau-Moret-sur-Loing-Guerisseuse-Therapeute-Bien-etre-Energeticienne-Energetique-Reflexotherapeute-Reflexologue-Reflexologies combin\u00e9es-Reflexologie plantaire-Reflexologie palmaire-Reflexologie faciale-Dien Chan-Auriculotherapie-Massage bien-etre-\" class=\"wp-image-709\" srcset=\"https:\/\/cabinetmondon.fr\/reflexologie\/wp-content\/uploads\/2025\/02\/Edwige-MONDON-Dehors-Guerisseuse-Therapeute-Bien-etre-Energeticienne-Energetique-Reflexotherapeute-Reflexologue-Reflexologie.jpg 405w, https:\/\/cabinetmondon.fr\/reflexologie\/wp-content\/uploads\/2025\/02\/Edwige-MONDON-Dehors-Guerisseuse-Therapeute-Bien-etre-Energeticienne-Energetique-Reflexotherapeute-Reflexologue-Reflexologie-169x300.jpg 169w\" sizes=\"auto, (max-width: 405px) 100vw, 405px\" \/><\/figure>\n<\/figure>\n\n\n\n<p><\/p>\n\n\n\n<div class=\"wp-block-buttons is-content-justification-center is-layout-flex wp-container-core-buttons-is-layout-a89b3969 wp-block-buttons-is-layout-flex\">\n<div class=\"wp-block-button\"><a class=\"wp-block-button__link has-background has-x-small-font-size has-custom-font-size wp-element-button\" href=\"https:\/\/calendly.com\/cabinetmondon\" style=\"border-radius:100px;background:linear-gradient(135deg,rgb(154,7,227) 0%,rgb(224,81,213) 79%,rgba(255,255,255,0.18) 100%)\"><strong>PRENDRE RENDEZ-VOUS EN LIGNE<\/strong><\/a><\/div>\n\n\n\n<div class=\"wp-block-button has-custom-width wp-block-button__width-25\"><a class=\"wp-block-button__link has-background has-x-small-font-size has-custom-font-size wp-element-button\" style=\"border-radius:100px;background:linear-gradient(135deg,rgb(154,7,227) 0%,rgb(224,81,213) 79%,rgba(255,255,255,0.18) 100%)\"><strong>S\u00e9ance de r\u00e9flexologies<\/strong><\/a><\/div>\n\n\n\n<div class=\"wp-block-button\"><a class=\"wp-block-button__link has-background has-x-small-font-size has-custom-font-size wp-element-button\" style=\"border-radius:100px;background:linear-gradient(135deg,rgb(154,7,227) 0%,rgb(224,81,213) 79%,rgba(255,255,255,0.18) 100%)\"><strong>S\u00e9ance de massage bien-\u00eatre du corps<\/strong><\/a><\/div>\n\n\n\n<div class=\"wp-block-button\"><a class=\"wp-block-button__link has-background has-x-small-font-size has-custom-font-size wp-element-button\" style=\"border-radius:100px;background:linear-gradient(135deg,rgb(154,7,227) 0%,rgb(224,81,213) 79%,rgba(255,255,255,0.18) 100%)\"><strong>ME CONTACTER AU 06 70 92 99 38<\/strong><\/a><\/div>\n<\/div>\n\n\n\n<p><\/p>\n\n\n\n<figure class=\"wp-block-image size-large is-resized\"><img loading=\"lazy\" decoding=\"async\" width=\"1024\" height=\"575\" src=\"https:\/\/cabinetmondon.fr\/reflexologie\/wp-content\/uploads\/2024\/09\/Capture-decran-2024-09-23-121741-2-1024x575.png\" alt=\"\" class=\"wp-image-549\" style=\"width:488px;height:auto\" srcset=\"https:\/\/cabinetmondon.fr\/reflexologie\/wp-content\/uploads\/2024\/09\/Capture-decran-2024-09-23-121741-2-1024x575.png 1024w, https:\/\/cabinetmondon.fr\/reflexologie\/wp-content\/uploads\/2024\/09\/Capture-decran-2024-09-23-121741-2-300x168.png 300w, https:\/\/cabinetmondon.fr\/reflexologie\/wp-content\/uploads\/2024\/09\/Capture-decran-2024-09-23-121741-2.png 1258w\" sizes=\"auto, (max-width: 1024px) 100vw, 1024px\" \/><\/figure>\n\n\n\n<p>C&#8217;est avec un immense plaisir que je vous aide dans cette direction sur votre chemin de la gu\u00e9rison.<\/p>\n\n\n\n<p>Par le biais de r\u00e9flexologies combin\u00e9es, de soins \u00e9nerg\u00e9tiques, de massages bien-\u00eatre, je compose une s\u00e9ance adapt\u00e9e \u00e0 votre probl\u00e9matique pour r\u00e9pondre au mieux \u00e0 votre besoin.<\/p>\n\n\n\n<p>Quelles que soient la ou les techniques utilis\u00e9es pendant le soin, le prix de la s\u00e9ance reste le m\u00eame, vous permettant de vous laisser guider en toute confiance \u00e0 travers chaque \u00e9tape de la gu\u00e9rison et vivre une s\u00e9ance unique et diff\u00e9rente \u00e0 chaque fois d&#8217;environ 1H30.<\/p>\n\n\n\n<div class=\"wp-block-buttons is-content-justification-space-between is-layout-flex wp-container-core-buttons-is-layout-94553387 wp-block-buttons-is-layout-flex\">\n<div class=\"wp-block-button is-style-fill\"><a class=\"wp-block-button__link has-background has-custom-font-size wp-element-button\" href=\"https:\/\/calendly.com\/cabinetmondon\" style=\"border-radius:100px;background:linear-gradient(135deg,rgb(154,7,227) 0%,rgb(224,81,213) 73%,rgba(255,255,255,0.18) 100%);font-size:14px\" target=\"_blank\" rel=\"noopener\"><strong>PRENDRE RENDEZ-VOUS EN LIGNE<\/strong><\/a><\/div>\n\n\n\n<div class=\"wp-block-button\"><a class=\"wp-block-button__link has-background has-custom-font-size wp-element-button\" style=\"border-radius:100px;background:linear-gradient(135deg,rgb(154,7,227) 0%,rgb(224,81,213) 73%,rgba(255,255,255,0.18) 100%);font-size:14px\"><strong>ME CONTACTER AU 06 70 92 99 38<\/strong><\/a><\/div>\n<\/div>\n\n\n\n<p><\/p>\n<\/div>\n<\/div>\n\n\n\n<p><\/p>\n\n\n\n<h2 class=\"wp-block-heading has-large-font-size\">En savoir plus sur les diff\u00e9rentes techniques utilis\u00e9es pendant un soin ?<\/h2>\n\n\n\n<figure class=\"wp-block-video\"><video height=\"1080\" style=\"aspect-ratio: 1920 \/ 1080;\" width=\"1920\" controls src=\"https:\/\/cabinetmondon.fr\/reflexologie\/wp-content\/uploads\/2024\/09\/Diapasons-par-exemple-1.mp4\"><\/video><\/figure>\n\n\n\n<div class=\"wp-block-group is-content-justification-center is-layout-flex wp-container-core-group-is-layout-560196fc wp-block-group-is-layout-flex\">\n<div class=\"wp-block-group is-vertical is-content-justification-left is-nowrap is-layout-flex wp-container-core-group-is-layout-970da055 wp-block-group-is-layout-flex\">\n<div class=\"wp-block-buttons is-layout-flex wp-container-core-buttons-is-layout-168ce233 wp-block-buttons-is-layout-flex\">\n<div class=\"wp-block-button\"><a class=\"wp-block-button__link has-background has-custom-font-size wp-element-button\" href=\"http:\/\/cabinetmondon.fr\/reflexologie\/techniques-utilisees\/\" style=\"border-radius:100px;background:linear-gradient(135deg,rgb(6,147,227) 0%,rgb(154,7,227) 0%,rgb(224,81,213) 67%,rgba(255,255,255,0.18) 100%);font-size:14px\"><strong>En savoir plus<\/strong><\/a><\/div>\n<\/div>\n<\/div>\n<\/div>\n<\/div>\n\n\n\n<p class=\"has-text-color has-link-color has-medium-font-size wp-elements-8096f2a004bacbe48fb4faf5f51eb3fb\" style=\"color:#e051d5;margin-top:0;margin-bottom:0\"><strong>Votre avis compte<\/strong> !<\/p>\n\n\n\n<p class=\"has-primary-color has-text-color has-link-color wp-elements-f53d0f2000e7e509d3e7c91eff2b425b\"><\/p>\n\n\n<pre class=\"ti-widget\" style=\"display: none\"><template id=\"trustindex-google-widget-html\"><div class=\"ti-widget ti-goog ti-review-text-mode-readmore ti-text-align-left\" data-no-translation=\"true\" data-layout-id=\"4\" data-layout-category=\"slider\" data-set-id=\"light-background\" data-pid=\"\" data-language=\"fr\" data-review-target-width=\"300\" data-css-version=\"2\" data-review-text-mode=\"readmore\" data-reply-by-locale=\"R\u00e9ponse du propri\u00e9taire\" data-pager-autoplay-timeout=\"6\" > <div class=\"ti-widget-container ti-col-3\"> <div class=\"ti-reviews-container\"> <div class=\"ti-controls\"> <div class=\"ti-next\" aria-label=\"Avis suivante\" role=\"button\"><\/div> <div class=\"ti-prev\" aria-label=\"Avis pr\u00e9c\u00e9dent\" role=\"button\"><\/div> <\/div> <div class=\"ti-reviews-container-wrapper\">  <div data-empty=\"0\" class=\"ti-review-item source-Google ti-image-layout-thumbnail\" data-id=\"cfcd208495d565ef66e7dff9f98764da\" > <div class=\"ti-inner\"> <div class=\"ti-review-header\"> <trustindex-image class=\"ti-platform-icon\" data-imgurl=\"https:\/\/cdn.trustindex.io\/assets\/platform\/Google\/icon.svg\" alt=\"Google\" width=\"20\" height=\"20\" loading=\"lazy\" ><\/trustindex-image> <div class=\"ti-profile-img\"> <trustindex-image data-imgurl=\"https:\/\/lh3.googleusercontent.com\/a\/ACg8ocLddjS4J5VUEWEZ58mfkO9YTq0MC_kir0mAqYRyLMHspYTAcA=w40-h40-c-rp-mo-br100\" data-imgurlset=\"https:\/\/lh3.googleusercontent.com\/a\/ACg8ocLddjS4J5VUEWEZ58mfkO9YTq0MC_kir0mAqYRyLMHspYTAcA=w80-h80-c-rp-mo-br100 2x\" alt=\"Catherine Duquenne\" loading=\"lazy\" ><\/trustindex-image> <\/div> <div class=\"ti-profile-details\"> <div class=\"ti-name\"> Catherine Duquenne <\/div> <div class=\"ti-date\">26\/12\/2024<\/div> <\/div> <\/div> <span class=\"ti-stars\"><trustindex-image class=\"ti-star\" data-imgurl=\"https:\/\/cdn.trustindex.io\/assets\/platform\/Google\/star\/f.svg\" alt=\"Google\" width=\"17\" height=\"17\" loading=\"lazy\" ><\/trustindex-image><trustindex-image class=\"ti-star\" data-imgurl=\"https:\/\/cdn.trustindex.io\/assets\/platform\/Google\/star\/f.svg\" alt=\"Google\" width=\"17\" height=\"17\" loading=\"lazy\" ><\/trustindex-image><trustindex-image class=\"ti-star\" data-imgurl=\"https:\/\/cdn.trustindex.io\/assets\/platform\/Google\/star\/f.svg\" alt=\"Google\" width=\"17\" height=\"17\" loading=\"lazy\" ><\/trustindex-image><trustindex-image class=\"ti-star\" data-imgurl=\"https:\/\/cdn.trustindex.io\/assets\/platform\/Google\/star\/f.svg\" alt=\"Google\" width=\"17\" height=\"17\" loading=\"lazy\" ><\/trustindex-image><trustindex-image class=\"ti-star\" data-imgurl=\"https:\/\/cdn.trustindex.io\/assets\/platform\/Google\/star\/f.svg\" alt=\"Google\" width=\"17\" height=\"17\" loading=\"lazy\" ><\/trustindex-image><\/span> <div class=\"ti-review-text-container ti-review-content\"><!-- R-CONTENT -->Cela fait plus de 10 ans que je profite des talents de r\u00e9flexologue d'Edwige Mondon, avec les plus grands b\u00e9n\u00e9fices, que ce soit pour ses comp\u00e9tences de podologues ou de massages de bien-\u00eatre.\nAujourd'hui, c'est la premi\u00e8re fois que je retourne la voir depuis qu'elle a acquis de nouvelles comp\u00e9tences notamment en mati\u00e8re de soins \u00e9nerg\u00e9tiques. S\u00e9ance incroyablement extraordinaire ! Merci Edwige pour son professionnalisme, son engagement et sa bienveillance. Je repars gonfl\u00e9e \u00e0 bloc de son cabinet d'\u00e9nerg\u00e9ticienne lumineux et paisible ! A bient\u00f4t, Edwige ! Merci\nCath<!-- R-CONTENT --><\/div> <span class=\"ti-read-more\" data-container=\".ti-review-content\" data-collapse-text=\"Cacher\" data-open-text=\"Lire la suite\" ><\/span> <\/div> <\/div>  <div data-empty=\"0\" class=\"ti-review-item source-Google ti-image-layout-thumbnail\" data-id=\"cfcd208495d565ef66e7dff9f98764da\" > <div class=\"ti-inner\"> <div class=\"ti-review-header\"> <trustindex-image class=\"ti-platform-icon\" data-imgurl=\"https:\/\/cdn.trustindex.io\/assets\/platform\/Google\/icon.svg\" alt=\"Google\" width=\"20\" height=\"20\" loading=\"lazy\" ><\/trustindex-image> <div class=\"ti-profile-img\"> <trustindex-image data-imgurl=\"https:\/\/lh3.googleusercontent.com\/a\/ACg8ocJlZLJ4amtmvVUAFfvArX9bFy8jX6j_9Vb7ikR-kEjTmtXzSw=w40-h40-c-rp-mo-br100\" data-imgurlset=\"https:\/\/lh3.googleusercontent.com\/a\/ACg8ocJlZLJ4amtmvVUAFfvArX9bFy8jX6j_9Vb7ikR-kEjTmtXzSw=w80-h80-c-rp-mo-br100 2x\" alt=\"Clara Cr\u00e9tel\" loading=\"lazy\" ><\/trustindex-image> <\/div> <div class=\"ti-profile-details\"> <div class=\"ti-name\"> Clara Cr\u00e9tel <\/div> <div class=\"ti-date\">25\/11\/2024<\/div> <\/div> <\/div> <span class=\"ti-stars\"><trustindex-image class=\"ti-star\" data-imgurl=\"https:\/\/cdn.trustindex.io\/assets\/platform\/Google\/star\/f.svg\" alt=\"Google\" width=\"17\" height=\"17\" loading=\"lazy\" ><\/trustindex-image><trustindex-image class=\"ti-star\" data-imgurl=\"https:\/\/cdn.trustindex.io\/assets\/platform\/Google\/star\/f.svg\" alt=\"Google\" width=\"17\" height=\"17\" loading=\"lazy\" ><\/trustindex-image><trustindex-image class=\"ti-star\" data-imgurl=\"https:\/\/cdn.trustindex.io\/assets\/platform\/Google\/star\/f.svg\" alt=\"Google\" width=\"17\" height=\"17\" loading=\"lazy\" ><\/trustindex-image><trustindex-image class=\"ti-star\" data-imgurl=\"https:\/\/cdn.trustindex.io\/assets\/platform\/Google\/star\/f.svg\" alt=\"Google\" width=\"17\" height=\"17\" loading=\"lazy\" ><\/trustindex-image><trustindex-image class=\"ti-star\" data-imgurl=\"https:\/\/cdn.trustindex.io\/assets\/platform\/Google\/star\/f.svg\" alt=\"Google\" width=\"17\" height=\"17\" loading=\"lazy\" ><\/trustindex-image><\/span> <div class=\"ti-review-text-container ti-review-content\"><!-- R-CONTENT -->1 s\u00e9ance pour une grosse verrue douloureuse \u00e0 la marche. En 4 jours, je n'avais plus mal sous le pied et en 2 semaines, la verrue avait disparu !!! Formidable ! Un grand merci Edwige<!-- R-CONTENT --><\/div> <span class=\"ti-read-more\" data-container=\".ti-review-content\" data-collapse-text=\"Cacher\" data-open-text=\"Lire la suite\" ><\/span> <\/div> <\/div>  <div data-empty=\"0\" class=\"ti-review-item source-Google ti-image-layout-thumbnail\" data-id=\"cfcd208495d565ef66e7dff9f98764da\" > <div class=\"ti-inner\"> <div class=\"ti-review-header\"> <trustindex-image class=\"ti-platform-icon\" data-imgurl=\"https:\/\/cdn.trustindex.io\/assets\/platform\/Google\/icon.svg\" alt=\"Google\" width=\"20\" height=\"20\" loading=\"lazy\" ><\/trustindex-image> <div class=\"ti-profile-img\"> <trustindex-image data-imgurl=\"https:\/\/lh3.googleusercontent.com\/a\/ACg8ocLUSzVUMhIaJC2Vx7tLj4p1E3ZZ1-ZBdC24Km6RdK_KHkC3=w40-h40-c-rp-mo-ba3-br100\" data-imgurlset=\"https:\/\/lh3.googleusercontent.com\/a\/ACg8ocLUSzVUMhIaJC2Vx7tLj4p1E3ZZ1-ZBdC24Km6RdK_KHkC3=w80-h80-c-rp-mo-ba3-br100 2x\" alt=\"Lise Corvez\" loading=\"lazy\" ><\/trustindex-image> <\/div> <div class=\"ti-profile-details\"> <div class=\"ti-name\"> Lise Corvez <\/div> <div class=\"ti-date\">23\/11\/2024<\/div> <\/div> <\/div> <span class=\"ti-stars\"><trustindex-image class=\"ti-star\" data-imgurl=\"https:\/\/cdn.trustindex.io\/assets\/platform\/Google\/star\/f.svg\" alt=\"Google\" width=\"17\" height=\"17\" loading=\"lazy\" ><\/trustindex-image><trustindex-image class=\"ti-star\" data-imgurl=\"https:\/\/cdn.trustindex.io\/assets\/platform\/Google\/star\/f.svg\" alt=\"Google\" width=\"17\" height=\"17\" loading=\"lazy\" ><\/trustindex-image><trustindex-image class=\"ti-star\" data-imgurl=\"https:\/\/cdn.trustindex.io\/assets\/platform\/Google\/star\/f.svg\" alt=\"Google\" width=\"17\" height=\"17\" loading=\"lazy\" ><\/trustindex-image><trustindex-image class=\"ti-star\" data-imgurl=\"https:\/\/cdn.trustindex.io\/assets\/platform\/Google\/star\/f.svg\" alt=\"Google\" width=\"17\" height=\"17\" loading=\"lazy\" ><\/trustindex-image><trustindex-image class=\"ti-star\" data-imgurl=\"https:\/\/cdn.trustindex.io\/assets\/platform\/Google\/star\/f.svg\" alt=\"Google\" width=\"17\" height=\"17\" loading=\"lazy\" ><\/trustindex-image><\/span> <div class=\"ti-review-text-container ti-review-content\"><!-- R-CONTENT -->tout est parfait\n\u00e0 recommander vraiment !!!<!-- R-CONTENT --><\/div> <span class=\"ti-read-more\" data-container=\".ti-review-content\" data-collapse-text=\"Cacher\" data-open-text=\"Lire la suite\" ><\/span> <\/div> <\/div>  <div data-empty=\"0\" class=\"ti-review-item source-Google ti-image-layout-thumbnail\" data-id=\"cfcd208495d565ef66e7dff9f98764da\" > <div class=\"ti-inner\"> <div class=\"ti-review-header\"> <trustindex-image class=\"ti-platform-icon\" data-imgurl=\"https:\/\/cdn.trustindex.io\/assets\/platform\/Google\/icon.svg\" alt=\"Google\" width=\"20\" height=\"20\" loading=\"lazy\" ><\/trustindex-image> <div class=\"ti-profile-img\"> <trustindex-image data-imgurl=\"https:\/\/lh3.googleusercontent.com\/a\/ACg8ocKRNH0mxwRIiXJJI7-toWsVed4MaQnRrBujHezNI9hy9JCaFw=w40-h40-c-rp-mo-br100\" data-imgurlset=\"https:\/\/lh3.googleusercontent.com\/a\/ACg8ocKRNH0mxwRIiXJJI7-toWsVed4MaQnRrBujHezNI9hy9JCaFw=w80-h80-c-rp-mo-br100 2x\" alt=\"Morgane Veillot\" loading=\"lazy\" ><\/trustindex-image> <\/div> <div class=\"ti-profile-details\"> <div class=\"ti-name\"> Morgane Veillot <\/div> <div class=\"ti-date\">06\/11\/2024<\/div> <\/div> <\/div> <span class=\"ti-stars\"><trustindex-image class=\"ti-star\" data-imgurl=\"https:\/\/cdn.trustindex.io\/assets\/platform\/Google\/star\/f.svg\" alt=\"Google\" width=\"17\" height=\"17\" loading=\"lazy\" ><\/trustindex-image><trustindex-image class=\"ti-star\" data-imgurl=\"https:\/\/cdn.trustindex.io\/assets\/platform\/Google\/star\/f.svg\" alt=\"Google\" width=\"17\" height=\"17\" loading=\"lazy\" ><\/trustindex-image><trustindex-image class=\"ti-star\" data-imgurl=\"https:\/\/cdn.trustindex.io\/assets\/platform\/Google\/star\/f.svg\" alt=\"Google\" width=\"17\" height=\"17\" loading=\"lazy\" ><\/trustindex-image><trustindex-image class=\"ti-star\" data-imgurl=\"https:\/\/cdn.trustindex.io\/assets\/platform\/Google\/star\/f.svg\" alt=\"Google\" width=\"17\" height=\"17\" loading=\"lazy\" ><\/trustindex-image><trustindex-image class=\"ti-star\" data-imgurl=\"https:\/\/cdn.trustindex.io\/assets\/platform\/Google\/star\/f.svg\" alt=\"Google\" width=\"17\" height=\"17\" loading=\"lazy\" ><\/trustindex-image><\/span> <div class=\"ti-review-text-container ti-review-content\"><!-- R-CONTENT -->Merci pour ta bienveillance et ta s\u00e9ance d\u2019aujourd\u2019hui, je n\u2019ai pas eu de douleur de la journ\u00e9e. H\u00e2te de voir la suite \ud83d\ude4f\ud83c\udffb<!-- R-CONTENT --><\/div> <span class=\"ti-read-more\" data-container=\".ti-review-content\" data-collapse-text=\"Cacher\" data-open-text=\"Lire la suite\" ><\/span> <\/div> <\/div>  <div data-empty=\"0\" class=\"ti-review-item source-Google ti-image-layout-thumbnail\" data-id=\"cfcd208495d565ef66e7dff9f98764da\" > <div class=\"ti-inner\"> <div class=\"ti-review-header\"> <trustindex-image class=\"ti-platform-icon\" data-imgurl=\"https:\/\/cdn.trustindex.io\/assets\/platform\/Google\/icon.svg\" alt=\"Google\" width=\"20\" height=\"20\" loading=\"lazy\" ><\/trustindex-image> <div class=\"ti-profile-img\"> <trustindex-image data-imgurl=\"https:\/\/lh3.googleusercontent.com\/a\/ACg8ocKmmeDCPWnx8Ce7V6RkDbRiQJgU0i2Q6St6x5YYrF-tYFpQBQ=w40-h40-c-rp-mo-br100\" data-imgurlset=\"https:\/\/lh3.googleusercontent.com\/a\/ACg8ocKmmeDCPWnx8Ce7V6RkDbRiQJgU0i2Q6St6x5YYrF-tYFpQBQ=w80-h80-c-rp-mo-br100 2x\" alt=\"Angel ine\" loading=\"lazy\" ><\/trustindex-image> <\/div> <div class=\"ti-profile-details\"> <div class=\"ti-name\"> Angel ine <\/div> <div class=\"ti-date\">31\/10\/2024<\/div> <\/div> <\/div> <span class=\"ti-stars\"><trustindex-image class=\"ti-star\" data-imgurl=\"https:\/\/cdn.trustindex.io\/assets\/platform\/Google\/star\/f.svg\" alt=\"Google\" width=\"17\" height=\"17\" loading=\"lazy\" ><\/trustindex-image><trustindex-image class=\"ti-star\" data-imgurl=\"https:\/\/cdn.trustindex.io\/assets\/platform\/Google\/star\/f.svg\" alt=\"Google\" width=\"17\" height=\"17\" loading=\"lazy\" ><\/trustindex-image><trustindex-image class=\"ti-star\" data-imgurl=\"https:\/\/cdn.trustindex.io\/assets\/platform\/Google\/star\/f.svg\" alt=\"Google\" width=\"17\" height=\"17\" loading=\"lazy\" ><\/trustindex-image><trustindex-image class=\"ti-star\" data-imgurl=\"https:\/\/cdn.trustindex.io\/assets\/platform\/Google\/star\/f.svg\" alt=\"Google\" width=\"17\" height=\"17\" loading=\"lazy\" ><\/trustindex-image><trustindex-image class=\"ti-star\" data-imgurl=\"https:\/\/cdn.trustindex.io\/assets\/platform\/Google\/star\/f.svg\" alt=\"Google\" width=\"17\" height=\"17\" loading=\"lazy\" ><\/trustindex-image><\/span> <div class=\"ti-review-text-container ti-review-content\"><!-- R-CONTENT -->Atelier peur des animaux avec Edwige Mondon , une fois de plus ravie de cette exp\u00e9rience.  J'ai vraiment ressentie du mieux, un l\u00e2ch\u00e9 prise bient\u00f4t un geos c\u00e2lin avec ce petit animal ;-).\nJe suis une grande fan d'Edwige tr\u00e8s s\u00e9rieuse et professionnelle,  \u00e0 l'ecoute j'ai toujours eu du bien \u00eatre en retour .\nje la conseille fortement.<!-- R-CONTENT --><\/div> <span class=\"ti-read-more\" data-container=\".ti-review-content\" data-collapse-text=\"Cacher\" data-open-text=\"Lire la suite\" ><\/span> <\/div> <\/div>  <\/div> <div class=\"ti-controls-line\"> <div class=\"dot\"><\/div> <\/div> <\/div>    <\/div> <\/div> <\/template><\/pre><div data-src=\"https:\/\/cdn.trustindex.io\/loader.js?wp-widget\" data-template-id=\"trustindex-google-widget-html\" data-css-url=\"https:\/\/cabinetmondon.fr\/reflexologie\/wp-content\/uploads\/trustindex-google-widget.css?1735809471\"><\/div>\n\n\n\n<p class=\"has-primary-color has-text-color has-link-color wp-elements-f53d0f2000e7e509d3e7c91eff2b425b\"><\/p>\n\n\n\n<div class=\"wp-block-buttons is-content-justification-center is-layout-flex wp-container-core-buttons-is-layout-a89b3969 wp-block-buttons-is-layout-flex\">\n<div class=\"wp-block-button is-style-fill\"><a class=\"wp-block-button__link has-background has-x-small-font-size has-custom-font-size wp-element-button\" href=\"http:\/\/calendly.com\/cabinetmondon\" style=\"border-radius:100px;background:linear-gradient(135deg,rgb(154,7,227) 0%,rgb(224,81,213) 69%,rgba(255,255,255,0.18) 100%)\"><strong>PRENDRE RENDEZ-VOUS EN LIGNE<\/strong><\/a><\/div>\n\n\n\n<div class=\"wp-block-button is-style-fill\"><a class=\"wp-block-button__link has-background has-x-small-font-size has-custom-font-size wp-element-button\" style=\"border-radius:100px;background:linear-gradient(135deg,rgb(154,7,227) 0%,rgb(224,81,213) 69%,rgba(255,255,255,0.18) 100%)\"><strong>ME CONTACTER AU 06 70 92 99 38<\/strong><\/a><\/div>\n<\/div>\n\n\n\n<p><\/p>\n\n\n\n<p><\/p>\n\n\n\n<p><\/p>\n\n\n\n<h2 class=\"wp-block-heading has-text-color has-link-color has-medium-font-size wp-elements-124532a7497962a33744478617ae94ca\" style=\"color:#e051d5\">Et pour me suivre sur les r\u00e9seaux sociaux ?<\/h2>\n\n\n\n<div class=\"wp-block-buttons is-layout-flex wp-block-buttons-is-layout-flex\"><\/div>\n\n\n\n<div class=\"wp-block-group is-nowrap is-layout-flex wp-container-core-group-is-layout-6c531013 wp-block-group-is-layout-flex\">\n<figure class=\"wp-block-image size-large is-resized\"><a href=\" https:\/\/www.instagram.com\/edwigemondon?igsh=bXNldzYzNG50OGhk\"><img loading=\"lazy\" decoding=\"async\" width=\"1024\" height=\"992\" src=\"https:\/\/cabinetmondon.fr\/reflexologie\/wp-content\/uploads\/2025\/02\/instagram-logo-12-1-1024x992.png\" alt=\"\" class=\"wp-image-723\" style=\"width:184px;height:auto\" srcset=\"https:\/\/cabinetmondon.fr\/reflexologie\/wp-content\/uploads\/2025\/02\/instagram-logo-12-1-1024x992.png 1024w, https:\/\/cabinetmondon.fr\/reflexologie\/wp-content\/uploads\/2025\/02\/instagram-logo-12-1-300x291.png 300w, https:\/\/cabinetmondon.fr\/reflexologie\/wp-content\/uploads\/2025\/02\/instagram-logo-12-1.png 1100w\" sizes=\"auto, (max-width: 1024px) 100vw, 1024px\" \/><\/a><\/figure>\n\n\n\n<figure class=\"wp-block-image size-full is-resized\"><img loading=\"lazy\" decoding=\"async\" width=\"843\" height=\"840\" src=\"https:\/\/cabinetmondon.fr\/reflexologie\/wp-content\/uploads\/2025\/02\/QR-code-Instagram-Edwige-MONDON-pro-1.jpg\" alt=\"\" class=\"wp-image-724\" style=\"width:214px;height:auto\" srcset=\"https:\/\/cabinetmondon.fr\/reflexologie\/wp-content\/uploads\/2025\/02\/QR-code-Instagram-Edwige-MONDON-pro-1.jpg 843w, https:\/\/cabinetmondon.fr\/reflexologie\/wp-content\/uploads\/2025\/02\/QR-code-Instagram-Edwige-MONDON-pro-1-300x300.jpg 300w, https:\/\/cabinetmondon.fr\/reflexologie\/wp-content\/uploads\/2025\/02\/QR-code-Instagram-Edwige-MONDON-pro-1-150x150.jpg 150w\" sizes=\"auto, (max-width: 843px) 100vw, 843px\" \/><\/figure>\n\n\n\n<figure class=\"wp-block-image size-large is-resized\"><a href=\"https:\/\/www.facebook.com\/profile.php?id=61567284320487\"><img loading=\"lazy\" decoding=\"async\" width=\"1024\" height=\"717\" src=\"https:\/\/cabinetmondon.fr\/reflexologie\/wp-content\/uploads\/2025\/02\/Facebook-Logo-PNG-Isolated-HD-2-1024x717.png\" alt=\"\" class=\"wp-image-725\" style=\"width:283px;height:auto\" srcset=\"https:\/\/cabinetmondon.fr\/reflexologie\/wp-content\/uploads\/2025\/02\/Facebook-Logo-PNG-Isolated-HD-2-1024x717.png 1024w, https:\/\/cabinetmondon.fr\/reflexologie\/wp-content\/uploads\/2025\/02\/Facebook-Logo-PNG-Isolated-HD-2-300x210.png 300w, https:\/\/cabinetmondon.fr\/reflexologie\/wp-content\/uploads\/2025\/02\/Facebook-Logo-PNG-Isolated-HD-2.png 2000w\" sizes=\"auto, (max-width: 1024px) 100vw, 1024px\" \/><\/a><\/figure>\n<\/div>\n\n\n\n<p><\/p>\n","protected":false},"excerpt":{"rendered":"<p>Th\u00e9rapies et Bien-\u00eatre par Edwige MONDON Comment se d\u00e9roule une s\u00e9ance ? Apr\u00e8s une \u00e9coute bienveillante en d\u00e9but de s\u00e9ance, je viens ensuite rechercher les diff\u00e9rents blocages pour les lib\u00e9rer et permettre \u00e0 votre corps d&#8217;aller mieux. Qui suis-je ? Ancienne p\u00e9dicure-podologue \/ posturologue, je me suis occup\u00e9e de mes patients pendant 12 ans en &hellip; <\/p>\n<p class=\"link-more\"><a href=\"https:\/\/cabinetmondon.fr\/reflexologie\/presentation-therapies-bien-etre\/\" class=\"more-link\">Lire la suite de<span class=\"screen-reader-text\">\u00ab\u00a0\u00a0\u00bb<\/span><\/a><\/p>\n","protected":false},"author":1,"featured_media":449,"parent":0,"menu_order":0,"comment_status":"closed","ping_status":"closed","template":"","meta":{"footnotes":""},"class_list":["post-231","page","type-page","status-publish","has-post-thumbnail","hentry"],"_links":{"self":[{"href":"https:\/\/cabinetmondon.fr\/reflexologie\/wp-json\/wp\/v2\/pages\/231","targetHints":{"allow":["GET"]}}],"collection":[{"href":"https:\/\/cabinetmondon.fr\/reflexologie\/wp-json\/wp\/v2\/pages"}],"about":[{"href":"https:\/\/cabinetmondon.fr\/reflexologie\/wp-json\/wp\/v2\/types\/page"}],"author":[{"embeddable":true,"href":"https:\/\/cabinetmondon.fr\/reflexologie\/wp-json\/wp\/v2\/users\/1"}],"replies":[{"embeddable":true,"href":"https:\/\/cabinetmondon.fr\/reflexologie\/wp-json\/wp\/v2\/comments?post=231"}],"version-history":[{"count":112,"href":"https:\/\/cabinetmondon.fr\/reflexologie\/wp-json\/wp\/v2\/pages\/231\/revisions"}],"predecessor-version":[{"id":785,"href":"https:\/\/cabinetmondon.fr\/reflexologie\/wp-json\/wp\/v2\/pages\/231\/revisions\/785"}],"wp:featuredmedia":[{"embeddable":true,"href":"https:\/\/cabinetmondon.fr\/reflexologie\/wp-json\/wp\/v2\/media\/449"}],"wp:attachment":[{"href":"https:\/\/cabinetmondon.fr\/reflexologie\/wp-json\/wp\/v2\/media?parent=231"}],"curies":[{"name":"wp","href":"https:\/\/api.w.org\/{rel}","templated":true}]}}